{"id":414,"date":"2019-12-06T15:06:31","date_gmt":"2019-12-06T15:06:31","guid":{"rendered":"http:\/\/www.helenagonzalezperucho.com.es\/?page_id=414\/"},"modified":"2023-10-24T14:50:45","modified_gmt":"2023-10-24T14:50:45","slug":"alexis","status":"publish","type":"page","link":"http:\/\/www.helenagonzalezperucho.com.es\/es\/alexis\/","title":{"rendered":"ALEXIS"},"content":{"rendered":"\n<figure class=\"wp-block-gallery has-nested-images columns-default is-cropped wp-block-gallery-1 is-layout-flex wp-block-gallery-is-layout-flex\">\n<figure class=\"wp-block-image size-large\"><img loading=\"lazy\" decoding=\"async\" width=\"497\" height=\"663\" data-id=\"616\" src=\"https:\/\/www.helenagonzalezperucho.com.es\/wp-content\/uploads\/2023\/10\/alexis_web.jpg\" alt=\"\" class=\"wp-image-616\" srcset=\"http:\/\/www.helenagonzalezperucho.com.es\/wp-content\/uploads\/2023\/10\/alexis_web.jpg 497w, http:\/\/www.helenagonzalezperucho.com.es\/wp-content\/uploads\/2023\/10\/alexis_web-225x300.jpg 225w\" sizes=\"auto, (max-width: 497px) 100vw, 497px\" \/><\/figure>\n\n\n\n<figure class=\"wp-block-image size-large\"><img loading=\"lazy\" decoding=\"async\" width=\"641\" height=\"750\" data-id=\"612\" src=\"https:\/\/www.helenagonzalezperucho.com.es\/wp-content\/uploads\/2023\/10\/alexis_web2_opt.jpg\" alt=\"\" class=\"wp-image-612\" srcset=\"http:\/\/www.helenagonzalezperucho.com.es\/wp-content\/uploads\/2023\/10\/alexis_web2_opt.jpg 641w, http:\/\/www.helenagonzalezperucho.com.es\/wp-content\/uploads\/2023\/10\/alexis_web2_opt-256x300.jpg 256w\" sizes=\"auto, (max-width: 641px) 100vw, 641px\" \/><\/figure>\n<\/figure>\n\n\n<p>\u00a0<\/p>\n<p>Dieciocho\u00a0de agosto. Hace semanas que hu\u00ed de la sofocante temperatura de Barcelona hacia la Vall Fosca y es que este escondido valle de Cabdella en verano es sin lugar a dudas la antigua Arcadia. Yo pertenezco al norte de Espa\u00f1a, soy hija del Atl\u00e1ntico y del Pirineo, debe ser el motivo por el cual el calor y yo no nos llevamos nada bien y aqu\u00ed estoy, escribiendo estas l\u00edneas a la sombra del fresno mientras tomo un caf\u00e9 -El caf\u00e9 y yo mantenemos una buen\u00edsima relaci\u00f3n-. Rus vigila cerca de m\u00ed y de vez en cuando persigue lagartijas sin demasiado \u00e9xito. De fondo se escucha el r\u00edo, siempre el r\u00edo&#8230;, los coches circulan por la carretera llena de curvas que conduce a Sallente, de donde sale un telef\u00e9rico que acerca a sus ocupantes a lugares como el Parque Nacional, los lagos o el refugio Colomina, todo ello rodeado de una naturaleza imponente y salvaje.<\/p>\n<p>\u00a0<\/p>\n<p>Estos d\u00edas de vacaciones tienen una pizca de ca\u00f3ticos que los hace divertidos, pero a ratos la casa descansa siguiendo el ritmo de Alexis, el beb\u00e9 de Elisabet, tiene seis meses y su nacimiento ha generado en m\u00ed un fuerte sentimiento de ternura. Es un ni\u00f1o alegre, inteligente y guap\u00edsimo con una mirada de \u00e1ngel inocente y clara que despierta la bondad. Tan peque\u00f1o y ya nos acompa\u00f1a a lagos que rondan los 2.300 mts. de altitud. Bell\u00edsimo.<\/p>\n<p>\u00a0<\/p>\n<p>Algunas tardes visitamos bonitas aldeas que hay esparcidas por todo el valle, son peque\u00f1os pueblos pirenaicos llenos de leyendas y de rincones buc\u00f3licos que hablan de tiempos pasados.<\/p>\n<p>\u00a0<\/p>\n<p>Cada estaci\u00f3n del a\u00f1o tiene su encanto, para m\u00ed lo mejor del verano son sus noches, especialmente si abrazan la de San Lorenzo. Observar la V\u00eda L\u00e1ctea, las Perseidas &#8230; desde las cumbres de los Pirineos es un espect\u00e1culo que cautiva y un aut\u00e9ntico placer para los que somos amantes de las estrellas. El Parque Nacional de Aig\u00fcestores y su \u00e1rea de influencia ha recibido el certificado de destinaci\u00f3n tur\u00edstica Starlight (luz estelar) concedido por la UNESCO.<\/p>\n<p>\u00a0<\/p>\n<p>Son detalles m\u00edos, de un bonito verano, que como cada a\u00f1o trae su historia y la de \u00e9ste lleva nombre de ni\u00f1o &#8230;<\/p>","protected":false},"excerpt":{"rendered":"<p>\u00a0 Dieciocho\u00a0de agosto. Hace semanas que hu\u00ed de la sofocante temperatura de Barcelona hacia la Vall Fosca y es que este escondido valle de Cabdella en verano es sin lugar a dudas la antigua Arcadia. Yo pertenezco al norte de Espa\u00f1a, soy hija del Atl\u00e1ntico y del Pirineo, debe ser el motivo por el cual [&hellip;]<\/p>\n","protected":false},"author":1,"featured_media":0,"parent":0,"menu_order":0,"comment_status":"closed","ping_status":"closed","template":"","meta":{"footnotes":""},"class_list":["post-414","page","type-page","status-publish","hentry"],"_links":{"self":[{"href":"http:\/\/www.helenagonzalezperucho.com.es\/es\/wp-json\/wp\/v2\/pages\/414","targetHints":{"allow":["GET"]}}],"collection":[{"href":"http:\/\/www.helenagonzalezperucho.com.es\/es\/wp-json\/wp\/v2\/pages"}],"about":[{"href":"http:\/\/www.helenagonzalezperucho.com.es\/es\/wp-json\/wp\/v2\/types\/page"}],"author":[{"embeddable":true,"href":"http:\/\/www.helenagonzalezperucho.com.es\/es\/wp-json\/wp\/v2\/users\/1"}],"replies":[{"embeddable":true,"href":"http:\/\/www.helenagonzalezperucho.com.es\/es\/wp-json\/wp\/v2\/comments?post=414"}],"version-history":[{"count":17,"href":"http:\/\/www.helenagonzalezperucho.com.es\/es\/wp-json\/wp\/v2\/pages\/414\/revisions"}],"predecessor-version":[{"id":626,"href":"http:\/\/www.helenagonzalezperucho.com.es\/es\/wp-json\/wp\/v2\/pages\/414\/revisions\/626"}],"wp:attachment":[{"href":"http:\/\/www.helenagonzalezperucho.com.es\/es\/wp-json\/wp\/v2\/media?parent=414"}],"curies":[{"name":"wp","href":"https:\/\/api.w.org\/{rel}","templated":true}]}}